{"id":3448,"date":"2022-07-12T14:10:14","date_gmt":"2022-07-12T12:10:14","guid":{"rendered":"https:\/\/fki.htw-berlin.de\/inka\/?post_type=fw-portfolio&#038;p=3448"},"modified":"2023-06-02T17:50:25","modified_gmt":"2023-06-02T15:50:25","slug":"apollo","status":"publish","type":"fw-portfolio","link":"https:\/\/fki.htw-berlin.de\/inka\/project\/apollo\/","title":{"rendered":"APOLLO"},"content":{"rendered":"<div class=\"wpb-content-wrapper\"><p>[vc_row equal_height=&#8221;yes&#8221; overflow=&#8221;default&#8221; padding_tablet=&#8221;0px 0px 0px 0px&#8221; css=&#8221;.vc_custom_1635237704910{padding-bottom: 0px !important;}&#8221;][vc_column overflow=&#8221;default&#8221; padding_tablet=&#8221;90px 0px 0px 0px&#8221;][vc_custom_heading text=&#8221;APOLLO&#8221; font_container=&#8221;tag:h2|font_size:26|text_align:left&#8221; google_fonts=&#8221;font_family:Montserrat%3Aregular%2C700|font_style:400%20regular%3A400%3Anormal&#8221;][vc_custom_heading text=&#8221;Application Lab for Online Media, Virtual Reality and Location Based Services&#8221; font_container=&#8221;tag:h3|font_size:20|text_align:left&#8221; google_fonts=&#8221;font_family:Montserrat%3Aregular%2C700|font_style:400%20regular%3A400%3Anormal&#8221;][vc_separator][vc_custom_heading text=&#8221;Kontext \/ Ziele&#8221; font_container=&#8221;tag:h3|font_size:18|text_align:left&#8221; google_fonts=&#8221;font_family:Montserrat%3Aregular%2C700|font_style:400%20regular%3A400%3Anormal&#8221;][vc_column_text]Klassische Musik und Oper genie\u00dfen als kulturelles Erbe einen hohen Stellenwert bei den Menschen in Deutschland. Einer repr\u00e4sentativen Umfrage der Bertelsmann Stiftung zufolge wollen fast 90 Prozent der Deutschen dieses musikalische Erbe f\u00fcr die kommenden Generationen gewahrt wissen. Berlin tr\u00e4gt mit seinen \u00fcber 250 Veranstaltungsorten und rund 70 Konzertveranstaltern ma\u00dfgeblich zu dessen Pflege und Vermittlung bei. Das reichhaltige und vielf\u00e4ltige kulturelle Angebot Berlins ist nicht nur f\u00fcr die internationale Strahlkraft der Hauptstadt und den Tourismus essentiell, sondern auch ein wichtiger Faktor f\u00fcr die Lebensqualit\u00e4t der Einwohner Berlins und Brandenburgs. Um ein noch breiteres und auch j\u00fcngeres Publikum an dieses kulturelle Erbe heranzuf\u00fchren sowie f\u00fcr MINT-F\u00e4cher zu interessieren, muss die zunehmende Beeinflussung aller Lebensbereiche durch die Netzkultur und das damit einhergehende ver\u00e4nderte Mediennutzungsverhalten durch die schnell fortschreitende Digitalisierung ber\u00fccksichtigt werden. So er\u00f6ffneten sich in den letzten Jahren neue technische M\u00f6glichkeiten zur Musikvermittlung und f\u00fcr das Heranf\u00fchrung an MINT-F\u00e4cher. Gerade f\u00fcr die Ansprache von j\u00fcngeren, kulturfernen und sozial benachteiligten Bev\u00f6lkerungsschichten stellt die Digitalisierung eine gro\u00dfe Chance dar. Sie schafft einen einfachen und demokratischen Zugang zu Wissen und kulturellen Inhalten. Im Rahmen des Projektes \u00bbAPOLLO \u2013 Applikationslabor f\u00fcr Onlinemedien, Virtual Reality und Location Based Services\u00ab sollen interdisziplin\u00e4re Forschungen und Entwicklungen auf den folgenden Teilgebieten in enger Kooperation von HTW, Konzerthaus Berlin und mehreren kleinen und Mittelst\u00e4ndischen durchgef\u00fchrt werden und in einen Applikationslabor entwickelt und demonstriert werden:<\/p>\n<p>&nbsp;<\/p>\n<p>\r\n            \r\n            <ul class=\"sh-list sh-list-vc sh-list-style4\" id=\"list-Tp9nVoLrmZ\">\r\n            \t            \t\t<li class=\"sh-list-item\">\r\n                        \r\n                \t\t\t<span class=\"sh-list-icon\">\r\n                                                                    <i class=\"fa fa-caret-right\"><\/i>\r\n                                                \t\t\t<\/span>\r\n                \t\t\t<span class=\"sh-list-content\">\r\n                                neue Formate und Angebote zur Heranf\u00fchrung und Vermittlung von klassischer Musik mit Hilfe digitaler Techniken, Augmented und Virtual Reality,                            <\/span>\r\n\r\n                                    \t\t<\/li>\r\n            \t            <\/ul>\r\n\r\n        \r\n            \r\n            <ul class=\"sh-list sh-list-vc sh-list-style4\" id=\"list-3zFQt8MJ42\">\r\n            \t            \t\t<li class=\"sh-list-item\">\r\n                        \r\n                \t\t\t<span class=\"sh-list-icon\">\r\n                                                                    <i class=\"fa fa-caret-right\"><\/i>\r\n                                                \t\t\t<\/span>\r\n                \t\t\t<span class=\"sh-list-content\">\r\n                                Virtual und Augmented Reality Anwendung zum besseren Verst\u00e4ndnis von klassischer Musik und Konzerterlebnissen,                            <\/span>\r\n\r\n                                    \t\t<\/li>\r\n            \t            <\/ul>\r\n\r\n        \r\n            \r\n            <ul class=\"sh-list sh-list-vc sh-list-style4\" id=\"list-oFymtZ5YMB\">\r\n            \t            \t\t<li class=\"sh-list-item\">\r\n                        \r\n                \t\t\t<span class=\"sh-list-icon\">\r\n                                                                    <i class=\"fa fa-caret-right\"><\/i>\r\n                                                \t\t\t<\/span>\r\n                \t\t\t<span class=\"sh-list-content\">\r\n                                Verbindung von Live-Erlebnis Konzert mit edukativen und informativen Elementen (z.B. mit Hilfe von Text, Video und Animation) Konzerten in einer Kultureinrichtung,                            <\/span>\r\n\r\n                                    \t\t<\/li>\r\n            \t            <\/ul>\r\n\r\n        \r\n            \r\n            <ul class=\"sh-list sh-list-vc sh-list-style4\" id=\"list-vXH6S58Jwb\">\r\n            \t            \t\t<li class=\"sh-list-item\">\r\n                        \r\n                \t\t\t<span class=\"sh-list-icon\">\r\n                                                                    <i class=\"fa fa-caret-right\"><\/i>\r\n                                                \t\t\t<\/span>\r\n                \t\t\t<span class=\"sh-list-content\">\r\n                                digitale multimediale Aufbereitung, Bereitstellung und Verbreitung von Klassik-Konzerten und damit verbundener Inhalte und Veranstaltungen \u00fcber das Internet und mit Hilfe sozialer Medien.                            <\/span>\r\n\r\n                                    \t\t<\/li>\r\n            \t            <\/ul>\r\n\r\n        <\/p>\n<p>&nbsp;<\/p>\n<p>Durch den Einsatz digitaler Technologien und den daf\u00fcr konzipierten Angeboten soll ein breites, insbesondere junges Publikum \u00fcber moderne Informations- und Kommunikationstechnologien an die vielf\u00e4ltigen kulturellen Angebote Berlins herangef\u00fchrt sowie f\u00fcr MINT-F\u00e4cher begeistert werden. Ein weiterer Fokus liegt daher auf der Erforschung und Konzeption interaktiver Elemente durch den Einsatz digitaler Medien. Die im Applikationslabor entwickelten Referenzl\u00f6sungen sollen hinsichtlich ihrer Beispielwirkung, der Nachhaltigkeit, der intuitiven, parametrisierbaren Adaption auf andere Kultureinrichtungen weiterentwickelt, untersucht und erprobt werden sowie f\u00fcr eine wirtschaftliche Nutzung aufbereitet werden. Hierbei werden insbesondere die im Verbundprojekt involvierten kleinen und mittelst\u00e4ndischen Unternehmen helfen. Mit Hilfe der beiden internationalen Partner, NUST und ONPU wird bereits auf den Gebieten Kultur und Informatik kooperiert. In Zukunft sollen neben den zwei bereits laufenden Drittmittelprojekten weitere insbesondere internationale Projekte beantragt und bearbeitet werden.[\/vc_column_text][vc_single_image image=&#8221;3818&#8243; img_size=&#8221;full&#8221;][vc_custom_heading text=&#8221;Projektdaten&#8221; font_container=&#8221;tag:h3|font_size:18|text_align:left&#8221; google_fonts=&#8221;font_family:Montserrat%3Aregular%2C700|font_style:400%20regular%3A400%3Anormal&#8221;][vc_column_text]<strong>Laufzeit:<\/strong> Juli 2016 \u2013 September 2022<\/p>\n<p><strong>F\u00f6rderprogramm<\/strong>: EFRE<\/p>\n<p><strong>Mittelgeber<\/strong>: Berliner Senatsverwaltung f\u00fcr Wissenschaft, Forschung und Kultur[\/vc_column_text][vc_custom_heading text=&#8221;Projektleitung&#8221; font_container=&#8221;tag:h3|font_size:18|text_align:left&#8221; google_fonts=&#8221;font_family:Montserrat%3Aregular%2C700|font_style:400%20regular%3A400%3Anormal&#8221;]\r\n            \r\n            <ul class=\"sh-list sh-list-vc sh-list-style4\" id=\"list-hg7i0fSCUp\">\r\n            \t            \t\t<li class=\"sh-list-item\">\r\n                                                    <a href=\"https:\/\/fki.htw-berlin.de\/inka\/project\/juergen-sieck\/\" title=&quot;Prof. Dr. J\u00fcrgen Sieck&quot; target=&quot;_blank&quot;>\r\n                        \r\n                \t\t\t<span class=\"sh-list-icon\">\r\n                                                                    <i class=\"fa fa-caret-right\"><\/i>\r\n                                                \t\t\t<\/span>\r\n                \t\t\t<span class=\"sh-list-content\">\r\n                                Prof. Dr. J\u00fcrgen Sieck                            <\/span>\r\n\r\n                                                    <\/a>\r\n                                    \t\t<\/li>\r\n            \t            <\/ul>\r\n\r\n        [vc_empty_space][vc_custom_heading text=&#8221;Projektmitarbeiter:innen&#8221; font_container=&#8221;tag:h3|font_size:18|text_align:left&#8221; google_fonts=&#8221;font_family:Montserrat%3Aregular%2C700|font_style:400%20regular%3A400%3Anormal&#8221;]\r\n            \r\n            <ul class=\"sh-list sh-list-vc sh-list-style4\" id=\"list-4AWMzgVEIn\">\r\n            \t            \t\t<li class=\"sh-list-item\">\r\n                                                    <a href=\"https:\/\/fki.htw-berlin.de\/inka\/project\/elisabeth-thielen\/\" title=&quot;Elisabeth Thielen&quot; target=&quot;_blank&quot;>\r\n                        \r\n                \t\t\t<span class=\"sh-list-icon\">\r\n                                                                    <i class=\"fa fa-caret-right\"><\/i>\r\n                                                \t\t\t<\/span>\r\n                \t\t\t<span class=\"sh-list-content\">\r\n                                Elisabeth Thielen (Projektkoordination)                            <\/span>\r\n\r\n                                                    <\/a>\r\n                                    \t\t<\/li>\r\n            \t            <\/ul>\r\n\r\n        \r\n            \r\n            <ul class=\"sh-list sh-list-vc sh-list-style4\" id=\"list-R5rVFnpf2S\">\r\n            \t            \t\t<li class=\"sh-list-item\">\r\n                                                    <a href=\"https:\/\/fki.htw-berlin.de\/inka\/project\/julien-letellier\/\" title=&quot;Julien Letellier&quot; target=&quot;_blank&quot;>\r\n                        \r\n                \t\t\t<span class=\"sh-list-icon\">\r\n                                                                    <i class=\"fa fa-caret-right\"><\/i>\r\n                                                \t\t\t<\/span>\r\n                \t\t\t<span class=\"sh-list-content\">\r\n                                Julien Letellier (Development)                            <\/span>\r\n\r\n                                                    <\/a>\r\n                                    \t\t<\/li>\r\n            \t            <\/ul>\r\n\r\n        \r\n            \r\n            <ul class=\"sh-list sh-list-vc sh-list-style4\" id=\"list-iAhcQ0dRY3\">\r\n            \t            \t\t<li class=\"sh-list-item\">\r\n                                                    <a href=\"https:\/\/fki.htw-berlin.de\/inka\/project\/andrey-borisov\/\" title=&quot;Andrey Borisov&quot; target=&quot;_blank&quot;>\r\n                        \r\n                \t\t\t<span class=\"sh-list-icon\">\r\n                                                                    <i class=\"fa fa-caret-right\"><\/i>\r\n                                                \t\t\t<\/span>\r\n                \t\t\t<span class=\"sh-list-content\">\r\n                                Andrey Borisov (Development)                            <\/span>\r\n\r\n                                                    <\/a>\r\n                                    \t\t<\/li>\r\n            \t            <\/ul>\r\n\r\n        \r\n            \r\n            <ul class=\"sh-list sh-list-vc sh-list-style4\" id=\"list-X0bTOytl7w\">\r\n            \t            \t\t<li class=\"sh-list-item\">\r\n                                                    <a href=\"https:\/\/fki.htw-berlin.de\/inka\/project\/gleb-tanaka\/\" title=&quot;gleb Tanaka&quot; target=&quot;_blank&quot;>\r\n                        \r\n                \t\t\t<span class=\"sh-list-icon\">\r\n                                                                    <i class=\"fa fa-caret-right\"><\/i>\r\n                                                \t\t\t<\/span>\r\n                \t\t\t<span class=\"sh-list-content\">\r\n                                Gleb Tanaka (stud. Mitarbeit Development)                            <\/span>\r\n\r\n                                                    <\/a>\r\n                                    \t\t<\/li>\r\n            \t            <\/ul>\r\n\r\n        \r\n            \r\n            <ul class=\"sh-list sh-list-vc sh-list-style4\" id=\"list-6ePJsFuQp0\">\r\n            \t            \t\t<li class=\"sh-list-item\">\r\n                                                    <a href=\"https:\/\/fki.htw-berlin.de\/inka\/project\/catherine-heyart\/\" title=&quot;Catherine Heyart&quot; target=&quot;_blank&quot;>\r\n                        \r\n                \t\t\t<span class=\"sh-list-icon\">\r\n                                                                    <i class=\"fa fa-caret-right\"><\/i>\r\n                                                \t\t\t<\/span>\r\n                \t\t\t<span class=\"sh-list-content\">\r\n                                Catherine Heyart (stud. Mitarbeit Development)                            <\/span>\r\n\r\n                                                    <\/a>\r\n                                    \t\t<\/li>\r\n            \t            <\/ul>\r\n\r\n        [vc_empty_space][\/vc_column][\/vc_row][vc_row][vc_column][\/vc_column][\/vc_row][vc_row][vc_column][vc_custom_heading text=&#8221;Kontaktperson&#8221; font_container=&#8221;tag:h2|font_size:20|text_align:left&#8221; google_fonts=&#8221;font_family:Montserrat%3Aregular%2C700|font_style:400%20regular%3A400%3Anormal&#8221;]\r\n            \r\n            <ul class=\"sh-list sh-list-vc sh-list-style4\" id=\"list-vj0kV2B1pW\">\r\n            \t            \t\t<li class=\"sh-list-item\">\r\n                                                    <a href=\"https:\/\/fki.htw-berlin.de\/inka\/project\/elisabeth-thielen\/\" title=&quot;Elisabeth Thielen&quot; target=&quot;_blank&quot;>\r\n                        \r\n                \t\t\t<span class=\"sh-list-icon\">\r\n                                                                    <i class=\"fa fa-caret-right\"><\/i>\r\n                                                \t\t\t<\/span>\r\n                \t\t\t<span class=\"sh-list-content\">\r\n                                Elisabeth Thielen (Projektkoordination)                            <\/span>\r\n\r\n                                                    <\/a>\r\n                                    \t\t<\/li>\r\n            \t            <\/ul>\r\n\r\n        [vc_empty_space][vc_custom_heading text=&#8221;Weiterf\u00fchrende Informationen&#8221; font_container=&#8221;tag:h2|font_size:20|text_align:left&#8221; google_fonts=&#8221;font_family:Montserrat%3Aregular%2C700|font_style:400%20regular%3A400%3Anormal&#8221;]\r\n            \r\n            <ul class=\"sh-list sh-list-vc sh-list-style4\" id=\"list-fMyq251HQh\">\r\n            \t            \t\t<li class=\"sh-list-item\">\r\n                                                    <a href=\"https:\/\/www.konzerthaus.de\/de\/konzerthaus-digital\" title=&quot;Konzerthaus Berlin&quot; target=&quot;_blank&quot;>\r\n                        \r\n                \t\t\t<span class=\"sh-list-icon\">\r\n                                                                    <i class=\"fa fa-caret-right\"><\/i>\r\n                                                \t\t\t<\/span>\r\n                \t\t\t<span class=\"sh-list-content\">\r\n                                Konzerthaus Berlin                            <\/span>\r\n\r\n                                                    <\/a>\r\n                                    \t\t<\/li>\r\n            \t            <\/ul>\r\n\r\n        [\/vc_column][\/vc_row][vc_row][vc_column][vc_empty_space height=&#8221;64px&#8221;][\/vc_column][\/vc_row][vc_row][vc_column][vc_single_image image=&#8221;3729&#8243; img_size=&#8221;large&#8221;][\/vc_column][\/vc_row]<\/p>\n<\/div>","protected":false},"featured_media":3700,"template":"redux-templates_full_width","fw-portfolio-category":[155,156,154,157,166,173,158,152,175],"fw-portfolio-tag":[],"class_list":["post-3448","fw-portfolio","type-fw-portfolio","status-publish","has-post-thumbnail","hentry","fw-portfolio-category-ab_projekt","fw-portfolio-category-ch_projekt","fw-portfolio-category-et_projekt","fw-portfolio-category-gt_projekt","fw-portfolio-category-inka-foerderprojekte","fw-portfolio-category-inka-fp-abgeschlossen","fw-portfolio-category-jl_projekt","fw-portfolio-category-js_projekt","fw-portfolio-category-rh_projekt"],"_links":{"self":[{"href":"https:\/\/fki.htw-berlin.de\/inka\/wp-json\/wp\/v2\/fw-portfolio\/3448","targetHints":{"allow":["GET"]}}],"collection":[{"href":"https:\/\/fki.htw-berlin.de\/inka\/wp-json\/wp\/v2\/fw-portfolio"}],"about":[{"href":"https:\/\/fki.htw-berlin.de\/inka\/wp-json\/wp\/v2\/types\/fw-portfolio"}],"version-history":[{"count":16,"href":"https:\/\/fki.htw-berlin.de\/inka\/wp-json\/wp\/v2\/fw-portfolio\/3448\/revisions"}],"predecessor-version":[{"id":3949,"href":"https:\/\/fki.htw-berlin.de\/inka\/wp-json\/wp\/v2\/fw-portfolio\/3448\/revisions\/3949"}],"wp:featuredmedia":[{"embeddable":true,"href":"https:\/\/fki.htw-berlin.de\/inka\/wp-json\/wp\/v2\/media\/3700"}],"wp:attachment":[{"href":"https:\/\/fki.htw-berlin.de\/inka\/wp-json\/wp\/v2\/media?parent=3448"}],"wp:term":[{"taxonomy":"fw-portfolio-category","embeddable":true,"href":"https:\/\/fki.htw-berlin.de\/inka\/wp-json\/wp\/v2\/fw-portfolio-category?post=3448"},{"taxonomy":"fw-portfolio-tag","embeddable":true,"href":"https:\/\/fki.htw-berlin.de\/inka\/wp-json\/wp\/v2\/fw-portfolio-tag?post=3448"}],"curies":[{"name":"wp","href":"https:\/\/api.w.org\/{rel}","templated":true}]}}